{"version":"1.0","provider_name":"Annie nem h\u00e9tk\u00f6znapi vil\u00e1ga","provider_url":"https:\/\/anniekulonoselete.cafeblog.hu","author_name":"Annie","author_url":"https:\/\/anniekulonoselete.cafeblog.hu\/author\/kyokocitromail-hu\/","title":"K\u00f6nnyed t\u00e9ma","html":"<p style=\"text-align: justify\">Mivel megt\u00e1madtatok a sok k\u00e9rd\u00e9ssel k\u00e9t r\u00e9szre kell osztanom. A m\u00e1sik cikk egy kicsit m\u00e9lyebb \u00e9s \u00e9rdekesebb kives\u00e9z\u00e9s lesz ink\u00e1bb \u00f6nmagunk bels\u0151 k\u00e9rd\u00e9seire keresem a v\u00e1laszt vagyis megpr\u00f3b\u00e1lom mert nem vagyok hivatalos,diplom\u00e1s szak\u00e9rt\u0151 :D<\/p>\r\n<p style=\"text-align: justify\"><strong>1.A tegnapi X<\/strong><\/p>\r\n<p style=\"text-align: justify\">Miut\u00e1n m\u00falt h\u00e9ten kiesett a d\u00e1m\u00e1nak be\u00e1ll\u00edtott ideges\u00edt\u0151 Szandika v\u00e1rhat\u00f3 volt,hogy Laci mindenkinek neki esik aki nem n\u0151. Barbit agyon dics\u00e9rte kicsit sem \u00e9rezhet\u0151 \u00fagy,hogy nyalt neki.Mindenkinek besz\u00f3lt \u00e9s lekezel\u0151 volt. Ez szerintem nem m\u00e9lt\u00f3 egy mentorhoz,s\u0151t emberhez sem. Elvileg profi de az ut\u00f3bbi id\u0151ben akkora arca lett(a nagy semmire el\u00e9g csak a Cometes produkci\u00f3j\u00e1ra gondolni) ,hogy azt gondolja b\u00e1rmit megtehet mik\u00f6zben m\u00e1r k\u00e9t r\u00e9sz alatt kibukhatott volna az \u00f6sszes versenyz\u0151je. Barbit lesz\u00e1m\u00edtva \u00e9n a t\u00f6bbi el\u0151ad\u00f3t tudom \u00e9rt\u00e9kelni m\u00e9g akkor is ha Ricsik\u00e9nek m\u00e9g mindig nem mennek a hangok \u00e9s <strong>Dimi<\/strong> k\u00e9ztart\u00e1s\u00e1r\u00f3l a tedd a kezed a tv-re t\u00edpus\u00fa telem\u00e9diumos emberek jutnak eszembe :D\u00a0<\/p>\r\n<p style=\"text-align: justify\"><strong>Peti<\/strong> szerintem j\u00f3 dalokat v\u00e1laszt,hiszen nem felt\u00e9tlen mindig az a l\u00e9nyeg,hogy t\u00f6k\u00e9letes produkci\u00f3juk legyen,hanem,hogy felfigyeljenek r\u00e1juk mert akkor besz\u00e9lnek r\u00f3luk ergo m\u00e9g n\u00e9pszer\u0171bbek lesznek.<\/p>\r\n<p style=\"text-align: justify\">Volt aki azt k\u00e9rdezte,hogy mit gondolok a <strong>Wellhello vs.Rap\u00fcl\u0151k<\/strong> valamir\u0151l. Mert ez t\u00e9nyleg csak valami volt. Geszti megragadt a 90'-es \u00e9vekben Tomi\u00e9k meg \u00fagy lemost\u00e1k a sz\u00ednpadr\u00f3l mint a m\u0171sor ut\u00e1n a piszkot. (M\u00e1r nem kell cs\u00fany\u00e1n n\u00e9znetek Diaz-ra aki bocs\u00e1natot k\u00e9rt t\u0151lem a kor\u00e1bbi viselked\u00e9se kapcs\u00e1n \u00e9s elismerte,hogy van tehets\u00e9gem. \u00c9n nem tudok megbocs\u00e1tani.. Na j\u00f3 ez nincs \u00edgy,ha valaki dics\u00e9r mindig k\u00f6nnyebben hajlok a pozit\u00edv v\u00e9gre)<\/p>\r\n<p style=\"text-align: justify\"><img class=\"\" src=\"https:\/\/anniekulonoselete.cafeblog.hu\/files\/2016\/12\/band_6063.jpg\" width=\"483\" height=\"322\" \/><\/p>\r\n<p style=\"text-align: justify\">(koncert.tip2night.com\/pictures\/band_6063.jpg)<\/p>\r\n<p style=\"text-align: justify\"><strong>2.Sport<\/strong><\/p>\r\n<p style=\"text-align: justify\">A suliban szerettem a tesi\u00f3r\u00e1kat. \u00c9s le\u00edrtam a legnagyobb hazugs\u00e1got a blogon :D Neem nyilv\u00e1n voltak pontok amik\u00e9rt rajongtam. <strong>Floorballozni<\/strong> \u00e9s <strong>kosarazni<\/strong> nagyon szerettem k\u00e9s\u0151bb a kosaraz\u00e1st komolyabban is \u0171ztem. Sajnos nem tartott sok\u00e1ig mert anya nem tudta fizetni de \u00e1ll\u00edt\u00f3lag j\u00f3 voltam benne \u00e9s \u00e9lveztem. Ha lenne lehet\u0151s\u00e9gem vagy id\u0151m a j\u00f6v\u0151ben elk\u00e9pzelhet\u0151,hogy ha nem is kosarazni de valamilyen sportot elkezden\u00e9k.<\/p>\r\n<p style=\"text-align: justify\">Amit n\u00e9zni szoktam az a n\u00e9met <strong>Bundes liga<\/strong>. R\u00e9g \u00f3ta im\u00e1dom a n\u00e9met focit. Most \u00e9pp a <strong>Dortmundba<\/strong> szerelmesedtem bele \u00e9s mivel j\u00f3 kapcsolatot \u00e1polok az egyik j\u00e1t\u00e9kossal m\u00e9g mezem is lesz amint tal\u00e1lkozok vele *.*<\/p>\r\n<p style=\"text-align: justify\"><img class=\"\" src=\"http:\/\/cdn-s3.si.com\/s3fs-public\/styles\/marquee_large_2x\/public\/2016\/12\/07\/borussia-dortmund-real-madrid-highlights-video.jpg?itok=z2iKzk4I\" width=\"457\" height=\"254\" \/><\/p>\r\n<p style=\"text-align: justify\">(www.si.com\/planet-futbol\/2016\/12\/07\/real-madrid-borussia-dortmund-champions-league-highlights-video)<\/p>\r\n<p style=\"text-align: justify\">\u00a0<\/p>\r\n<p style=\"text-align: justify\"><strong>3. Lak\u00f3t\u00e1rs<\/strong><\/p>\r\n<p style=\"text-align: justify\">Voltak akik \u00edrt\u00e1k,hogy nem mertek odaj\u00f6nni hozz\u00e1m mert egy sz\u0151r\u00f6s,j\u00f3 f\u00e9rfi t\u00e1rsas\u00e1g\u00e1ban l\u00e1ttak. Sz\u00f6gezz\u00fck le. \u0150 a sokat emlegetett lak\u00f3t\u00e1rsam akivel a nap nagy r\u00e9sz\u00e9ben vitatkozunk \u00e9s kiab\u00e1lunk. De ett\u0151l f\u00fcggetlen\u00fcl nagyon j\u00f3l kij\u00f6v\u00fcnk. Nyugodtan oda lehet j\u00f6nni,\u0151 is rendes \u00e9s kedves csak rohadt nagy pof\u00e1ja van \u00e9s nem k\u00e9pes lakatot tenni r\u00e1 :D<\/p>\r\n<p style=\"text-align: justify\"><strong>4.Az \u00e9v dala<\/strong><\/p>\r\n<p style=\"text-align: justify\">H\u00e1t \u00f6hm igen. Sosem tudok egy dalt kiv\u00e1lasztani mert akkor a sz\u00edvem t\u00f6bbi r\u00e9sze s\u00edrni kezd mert kihagytam m\u00e1sokat. Ink\u00e1bb \u00fagy fogalmazn\u00e9k,hogy ebben az \u00e9vben engem megvettek a magyar el\u0151ad\u00f3k. <strong>P\u00e9ter\u00e9kt\u0151l<\/strong> kezdve a <strong>M\u0171v\u00e9sz \u00faron<\/strong> \u00e1t eg\u00e9szen a rom\u00e1n <strong>Bagossy-ig.<\/strong> Sz\u00f3val megt\u00e1madtak a zenekarok \u00e9s menthetetlen\u00fcl itt maradtak a fejemben.\u00a0<\/p>\r\n<p style=\"text-align: justify\"><em>Nektek mi az \u00e9v dala? Vagy mi az a pillanat vagy eml\u00e9k amire a legjobban fogtok visszaeml\u00e9kezni 2016-b\u00f3l?<\/em><\/p>\r\n<p style=\"text-align: justify\"><img class=\"\" src=\"https:\/\/anniekulonoselete.cafeblog.hu\/files\/2016\/12\/music-horse.jpg\" width=\"465\" height=\"198\" \/><\/p>\r\n<p style=\"text-align: justify\">(www.beatthisdressagetomusic.co.uk\/wp-content\/uploads\/2015\/01\/music-horse.jpg)<\/p>\r\n<p style=\"text-align: justify\"><em>U.i:<\/em>Lacinak \u00fczenem(ha m\u00e1r olyan elfoglalt,hogy k\u00e9t percet nem tud r\u00e1m sz\u00e1nni),hogy legyen olyan szives elmenni fodr\u00e1szhoz,mert a mad\u00e1rv\u00e9delmi egyes\u00fclet k\u00e9ri vissza a v\u00e9dett madarakat a haj\u00e1b\u00f3l :D \u00a0nem akartam ilyen gonosz lenni de Rom\u00e1ni\u00e1ban nincs 200 km\/h-s sz\u00e9l,hogy mindig \u00f6ssze vissza \u00e1lljon :P<\/p>\r\n<p style=\"text-align: justify\">Na ez lett volna a k\u00f6nnyedebb,vicces bejegyz\u00e9s.A k\u00f6vetkez\u0151ben s\u00falyos szerelmi dolgokat fogok kives\u00e9zni,besz\u00e9lni fogok m\u00e9g a Kar\u00e1csonyr\u00f3l meg ilyen kis \u00e9des cukis\u00e1gokr\u00f3l.<\/p>\r\n<p style=\"text-align: justify\"><img class=\"\" src=\"https:\/\/anniekulonoselete.cafeblog.hu\/files\/2016\/12\/Cute_ChristmasGirl2012.jpg\" width=\"445\" height=\"334\" \/><\/p>\r\n<p style=\"text-align: justify\">(1.bp.blogspot.com\/-RMJnug09Kwo\/UL7xdFHhyMI\/AAAAAAAAA7A\/aJh-P0TLoYQ\/s1600\/Cute_ChristmasGirl2012.jpg)<\/p>\r\n<p style=\"text-align: justify\"><em>E-mail:ancsy925@gmail.com<\/em><\/p>\r\n<p>&nbsp;<\/p>","type":"rich"}