{"version":"1.0","provider_name":"Annie nem h\u00e9tk\u00f6znapi vil\u00e1ga","provider_url":"https:\/\/anniekulonoselete.cafeblog.hu","author_name":"Annie","author_url":"https:\/\/anniekulonoselete.cafeblog.hu\/author\/kyokocitromail-hu\/","title":"Hell\u00f3 Bell\u00f3\u00f3\u00f3","html":"<p>Sziasztok!<\/p>\r\n<p>Igen tudom r\u00e9gen volt bejegyz\u00e9s, de az ut\u00f3bbi id\u0151ben munka ut\u00e1n, ha volt szabadnapom, akkor f\u0151leg pihen\u00e9ssel telt. De \u00fagy \u00e9reztem, hogy most m\u00e1r ideje lesz \u00f6sszekaparnom magam, mert ti m\u00e9g mindig itt vagytok velem \u00e9s ennyit meg\u00e9rdemeltek.<\/p>\r\n<p>De m\u00e9g miel\u0151tt belev\u00e1gn\u00e9k a k\u00e9rd\u00e9sekbe p\u00e1r dolgot szeretn\u00e9k elmondani. Pont sz\u00fclinapomon kezd\u00fcnk \u00e1tpakolni az <strong>\u00faj \u00fczletbe<\/strong> sz\u00f3val a Pl\u00e1z\u00e1ban m\u00e1r nem val\u00f3sz\u00edn\u0171, hogy ut\u00e1na l\u00e1tni fogtok. A megnyit\u00f3 Okt\u00f3ber 5-\u00e9n lesz (legal\u00e1bbis ez a terv) a Tescoban sz\u00f3val gyertek \u00e9s v\u00e1s\u00e1roljatok :D<\/p>\r\n<p><img src=\"https:\/\/www.thetech.org\/sites\/default\/files\/birthdays.jpg\" \/><\/p>\r\n<p>(https:\/\/www.thetech.org\/sites\/default\/files\/birthdays.jpg)<\/p>\r\n<p>K\u00f6sz\u00f6n\u00f6m a sok sok t\u00e1mogat\u00e1st nagyon j\u00f3l esik, hogy ennyi <strong>pozit\u00edv visszajelz\u00e9st<\/strong> kapok a munk\u00e1mat illet\u0151en, hiszen a munkat\u00e1rsak mellett a ti szavatok is rengeteget sz\u00e1m\u00edt. \u00c9s a debreceni balh\u00e9ra reag\u00e1lva, n\u00e1lunk nincs ilyen, hogy olcs\u00f3 nadr\u00e1g dr\u00e1g\u00e1bb\u00e9rt van ki\u00edrva. Nagyr\u00e9szt l\u00e1tom, hogy ezek az \u00e1raz\u00e1sok hogyan t\u00f6rt\u00e9nnek \u00e9s megnyugtatok mindenkit, hogy n\u00e1lunk ilyen nincs.(Mondjuk szerintem, ami ott volt az csak v\u00e9letlen lehetett, rossz c\u00edmk\u00e9t raktak r\u00e1 \u00e9s k\u00e9sz)<\/p>\r\n<p>Azt\u00e1n, \u00fagy d\u00f6nt\u00f6ttem, hogy belev\u00e1gok az arc\u00e1pol\u00e1sba. A <strong>Balea z\u00f6ld tonikj\u00e1t<\/strong> vettem, meg aminek kellemes illata van \u00e9s a nap v\u00e9g\u00e9n nagyon j\u00f3l elt\u00e1vol\u00edtja a szennyez\u0151d\u00e9seket. Vettem m\u00e9g <strong>egy b\u0151rrad\u00edrt<\/strong> is amit igaz\u00e1b\u00f3l nem tudom, hogy naponta vagy hogy k\u00e9ne haszn\u00e1lni. A nev\u00e9t most \u00edgy hirtelen nem tudom, mert a Flaming\u00f3 m\u00e9g alszik, \u00e9s nem akarok bem\u00e1szk\u00e1lni, de a l\u00e9nyege, hogy ink\u00e1bb kr\u00e9mes hat\u00e1sa van, kis szemcs\u00e9kkel. Aki tudja, hogy mir\u0151l van, sz\u00f3 az \u00edrja m\u00e1r meg nekem, hogy akkor ezt, hogy is kell haszn\u00e1lni(h\u00e1l\u00e1s lenn\u00e9k) Azt\u00e1n,igaz,hogy csak n\u00e9ha sminkelek, de Micell\u00e1s v\u00edznek az<strong> Avonb\u00f3l<\/strong> rendelt term\u00e9ket haszn\u00e1lom ami h\u00e1\u00e1\u00e1t,az alapoz\u00f3t minden gond n\u00e9lk\u00fcl leszedi, de a spir\u00e1llal m\u00e1r vannak gondjaim. Ha m\u00e1r Avon, rendeltem arckr\u00e9met meg alm\u00e1s s\u00fcti illat\u00fa habf\u00fcrd\u0151t, ja meg hajpakol\u00e1st. Vicces sztori, vettem a sz\u00e1zasban k\u00e9t doboz k\u00e9kes fekete \u00e1rnyalat\u00fa hajfest\u00e9ket(akik l\u00e1ttak m\u00e1r \u00e9szrevehett\u00e9k,hogy a hajam v\u00e9ge m\u00e1s sz\u00edn\u0171 volt, mint a teteje \u00e9s ezt akartam kik\u00fcsz\u00f6b\u00f6lni).miut\u00e1n befestett\u00e9k a hajam, ami eg\u00e9sz v\u00e9gig sz\u00edvta be mag\u00e1ba a cuccot(kicsit bizarr volt) a v\u00e9geredm\u00e9ny PADLIZS\u00c1N LILA lett-.- XD<\/p>\r\n<p><img class=\"\" src=\"http:\/\/www.carpejuvenis.com\/wp-content\/uploads\/2014\/08\/cat-in-tub.jpg\" width=\"531\" height=\"395\" \/><\/p>\r\n<p>(www.carpejuvenis.com\/wp-content\/uploads\/2014\/08\/cat-in-tub.jpg)<\/p>\r\n<p><em>K\u00e9rd\u00e9sem az lenne, hogy mennyire szeretitek az ilyen kozmetikai term\u00e9ktesztel\u00e9seimet olvasni? Van r\u00e1 ig\u00e9ny? Mert akkor nagyon sz\u00edvesen folytatom :)<\/em><\/p>\r\n<p>Illetve mivel a sok \u00e1ll\u00e1s miatt kisz\u00e9lesedett a l\u00e1bfejem a tavalyi \u0151szi-t\u00e9li cip\u0151m kicsi lett \u00edgy ell\u00e1togattam a <strong>Deichmannba.<\/strong> N\u00e1lam a CCC-n k\u00edv\u00fcl az az egy hely van ahol lehet 42-es m\u00e9retet tal\u00e1lni. Szerelem is lett egy k\u00e9k bakancs szem\u00e9ly\u00e9ben. Nem nyom, kell\u0151en t\u00e1gas bel\u00fcl im\u00e1dom. \u00c9s igen, kicsit dr\u00e1ga volt de \u00fagy \u00e9rzem, hogy a rossz id\u0151re h\u0171 t\u00e1rsam lesz.<\/p>\r\n<p><img src=\"https:\/\/deichmann.scene7.com\/asset\/deichmann\/p_pd_detail\/Kk+fzs+bakancs+-+Landrover+-+deichmanncom--1413282_P.jpg?defaultImage=default&amp;size=418,350\" alt=\"Landrover K\u00e9k f\u0171z\u0151s bakancs\" \/><\/p>\r\n<p>(https:\/\/www.deichmann.com\/HU\/hu\/shop\/noi\/cipo\/bakancs\/00008001413282\/K\u00e9k*f\u0171z\u0151s*bakancs.prod)<\/p>\r\n<p>\u00c9s egy utols\u00f3 momentum, hogy a <strong>Librin\u00e9l <\/strong>m\u00e9g mindig tart a t\u00f6rt\u00e9nelmi k\u00f6nyvek hihetetlen le\u00e1raz\u00e1sa. T\u00e9ny, hogy mostan\u00e1ban nincs olyan sok id\u0151m olvasni, de a k\u00f6nyveket im\u00e1dom \u00e9s be is raktam a kosaramba n\u00e9h\u00e1nyat. Ne feledj\u00e9tek, hogy a nagy akci\u00f3 Szeptember 24-ig tart \u00e9s t\u00e9nyleg v\u00e9tek lenne kihagyni. T\u00far\u00f3gomb\u00f3cos <strong>Bocit.<\/strong> H\u00e1t nyamiii baromi finom volt sz\u00f3val ir\u00e1ny a sz\u00e1zas \u00e9s vegyetek bel\u0151le, meg\u00e9ri *.*<\/p>\r\n<p>\u00c9s most j\u00f6jj\u00f6n, aminek j\u00f6nnie kell:<\/p>\r\n<p>X-faktor<\/p>\r\n<p><strong>Alex balh\u00e9ja?<\/strong><\/p>\r\n<p>Szeretem Alex munk\u00e1ss\u00e1g\u00e1t, hi\u00e1ba haragszom r\u00e1. Amit lem\u0171velt akkor azt feleslegesnek tartom. Mindenkinek vannak a karrierj\u00e9ben olyan momentumok amik g\u00e1zak m\u00e1soknak. J\u00f3t r\u00f6h\u00f6gnek rajta \u00e9s tov\u00e1bb l\u00e9pnek. Nekem is voltak ball\u00e9p\u00e9seim \u00e9s tuti, hogy szar, gagyi cikkeim is=el\u00e9g csak az els\u0151ket elolvasni XD) dehogy emiatt ennyire felbosszantani mag\u00e1t valakinek szerintem ink\u00e1bb r\u00f6hejes. Ha Alexnak annyira tetszett az els\u0151 h\u00edres dala mi\u00e9rt nem maradt meg ann\u00e1l a st\u00edlusn\u00e1l? Mert tudta, hogy v\u00e1ltozni kell. Ennyi. Megtette, \u00e9s j\u00f3 lett, nem kell emiatt hiszt\u00e9ri\u00e1t lev\u00e1gni.<\/p>\r\n<p><strong>Peti karibi l\u00e1nyos t\u00e1nca?<\/strong><\/p>\r\n<p>Im\u00e1dom, annyira egy h\u00fclyegyerek, hogy m\u00e9g akarok ilyeneket l\u00e1tni. A m\u0171sor f\u00e9nypontja volt, amikor ezt el\u0151adta :D<\/p>\r\n<p>https:\/\/www.youtube.com\/watch?v=kLevIv6CMBU<\/p>\r\n<p><strong>Gigi \u00c9s Rami v\u00e1laszt\u00e1s?<\/strong><\/p>\r\n<p>Nekem tov\u00e1bbra sem szimpatikusak.Gigi kicsit d\u00e1m\u00e1s \u00e9n vagyok, valaki mentalit\u00e1ssal \u00fcl, Rami meg annyira elhanyagolhat\u00f3, mintha ott sem lenne. T\u00f6bbet v\u00e1rok t\u0151l\u00fck, mert \u00edgy az \u0151 szerep\u00fck el\u00e9gg\u00e9 lapos lesz.<\/p>\r\n<p><strong>Volt olyan, aki megfogott?<\/strong><\/p>\r\n<p>A git\u00e1ros kissr\u00e1c nekem tetszett, kis aranyos volt \u00e9s m\u00e9g a hangja is men\u0151 volt meg h\u00e1t, na,git\u00e1\u00e1\u00e1\u00e1r. De fura m\u00f3d az alkeszel\u00e9gg\u00e9besz\u00edvott banda is elnyerte a tetsz\u00e9sem.<\/p>\r\n<p><strong>Kinek van a legnagyobb arca? <\/strong><\/p>\r\n<p>M\u00e9g mindig Lacinak (nem felejtek \u00e1m, a tavalyi balh\u00e9nk \u00f3ta tov\u00e1bbra sem k\u00e9rt bocs\u00e1natot) amit el\u0151adott a bab\u00e1s pasin\u00e1l az akkora baroms\u00e1g volt, hogy csak fogtam a fejem. De a tollas,,az asszony azt fogja hinni, hogy valami dunn\u00e1ba fek\u00fcdtem\u201d r\u00e9sz tetszett. L\u00e1tszik a fej\u00e9n, hogy kicsit magasabbr\u00f3l n\u00e9z mindent \u00e9s mindenkit, de a vicces mondatai n\u00e9mileg k\u00e1rp\u00f3tolnak.<\/p>\r\n<p><strong>Mit v\u00e1rok az idei X-t\u0151l?<\/strong><\/p>\r\n<p>M\u00e9g t\u00f6bb dalt nekem XD neem. Am\u00fagy azt, hogy a tavalyi uborkal\u00e1ny ut\u00e1n v\u00e9gre olyan nyerjen akit\u0151l nem kapok agyfaszt \u00e9s nem t\u0171nik el k\u00e9t nap alatt. J\u00f3 igen kij\u00f6tt egy dala asszem \u00e9s az\u00f3ta \u00fagy nem nagyon van jelen. \u00c9s err\u0151l eszembe jut az a cikk, hogy a fiatal X-faktoros lel\u00e9pett egy id\u0151sebb n\u0151h\u00f6z.Tudj\u00e1tok,m\u00e9g a sz\u00fclei is kerest\u00e9k \u0151t. Lola erre nagyon aranyosan megjegyezte, hogy biztos Ricsike az \u00e9s n\u00e1lam van XD<\/p>\r\n<p><strong>Hogy k\u00e9pzelem el az ide\u00e1lis gy\u0151ztest?<\/strong><\/p>\r\n<p>Legyen al\u00e1zatos, ne basszon fel idegileg k\u00e9t m\u00e1sodperc alatt \u00e9s tudjon git\u00e1rozni :P<\/p>\r\n<p><img src=\"https:\/\/i.pinimg.com\/originals\/65\/79\/28\/6579286856bafd9cd40ca24a89947587.jpg\" \/><\/p>\r\n<p>(https:\/\/i.pinimg.com\/originals\/65\/79\/28\/6579286856bafd9cd40ca24a89947587.jpg)<\/p>\r\n<p><strong>Cinefest?<\/strong><\/p>\r\n<p>A terv az, hogy szombaton megyek Peti\u00e9ket megn\u00e9zni sz\u00f3val ott tuti megtal\u00e1ltok. Am\u00fagy nem igaz\u00e1n tervezek m\u00e1s programot ott. Filmekre m\u00e9g nem \u00e1llok k\u00e9szen, de egyszer ki tudja.<\/p>\r\n<p><strong>Idei koncertek?<\/strong><\/p>\r\n<p>Bevallom nem n\u00e9ztem, hogy id\u00e9n mik lesznek \u00e9s hol, de ha lesz olyan, amire minden gond n\u00e9lk\u00fcl el tudok jutni akkor arr\u00f3l t\u00e1j\u00e9koztatva, lesztek.(n\u00e1lam nem egy k\u00f6z\u00f6ns\u00e9g t\u00e1li lesz hanem t\u00f6bb kicsi)<\/p>\r\n<p><strong>Halott P\u00e9nz koncert?<\/strong><\/p>\r\n<p>Az a helyzet, hogy most M\u00e1rkra nagyon pipa vagyok, D\u00e1viddal az\u00f3ta sem rendez\u0151dtek a dolgok sz\u00f3val max fizetett jeggyel tudn\u00e9k bemenni ha, j\u00f6nnek ide, de maradjunk annyiban, hogy 50-50%,hogy mi lesz. Van is kedvem meg nincs is.<\/p>\r\n<p><img class=\"\" src=\"http:\/\/okpecs.hu\/wp-content\/uploads\/2015\/05\/halott-p%C3%A9nz.jpg\" width=\"566\" height=\"423\" \/><\/p>\r\n<p>(okpecs.hu\/wp-content\/uploads\/2015\/05\/halott-p\u00e9nz.jpg)<\/p>\r\n<p>A M\u0171v\u00e9sz \u00far \u00e9li vil\u00e1g\u00e1t \u00e9s az agyamra megy, meg feszt kurv\u00e1zik amikor megbesz\u00e9lt\u00fck, hogy nem teszi a sok majom meg bed\u0151l mindennek amit megl\u00e1t a k\u00f6z\u00f6ss\u00e9gi m\u00e9di\u00e1ban.<\/p>\r\n<p><strong>Wellhello koncert?<\/strong><\/p>\r\n<p>Nem tartom es\u00e9lyesnek, hogy megyek nem \u00e1llnak hozz\u00e1m k\u00f6zel a dalok \u00e9s Tomit m\u00e9g mindig ut\u00e1lom \u00edgy nem sok kedvem van k\u00e9t \u00f3r\u00e1n kereszt\u00fcl hallgatni illetve l\u00e1tni.<\/p>\r\n<p><strong>Mit sz\u00f3lok, hogy M\u00e1t\u00e9 k\u00fcld\u00f6tt dalt nekem?<\/strong><\/p>\r\n<p>Nagyon cuki t\u0151le \u00e9s k\u00f6sz\u00f6n\u00f6m, de az \u00e9lvez\u00e9s jelenleg kimarad az \u00e9letemb\u0151l, mert dolgozok :D<\/p>\r\n<p><strong>Rolival siker\u00fclt rendeznem?<\/strong><\/p>\r\n<p>Nem, \u00e9s m\u00e9g jobban gy\u0171l\u00f6l\u00f6m, mint eddig. Egy aljas, k\u00e9tsz\u00edn\u0171 nyomor\u00e9k \u00e9s enn\u00e9l t\u00f6bbet ehhez nem is szeretn\u00e9k hozz\u00e1f\u0171zni.<\/p>\r\n<p><strong>\u0150szi romantikus program?<\/strong><\/p>\r\n<p>Gondolom s\u00e9ta a parkban. Nem nagyon voltam semelyik \u00e9vszakban nagyon romantik\u00e1zni \u00edgy l\u00f6v\u00e9sem sincs.<\/p>\r\n<p><strong>\u0150szi bakancslista?<\/strong><\/p>\r\n<p>A tavalyit se csin\u00e1ltam meg, \u00edgy nem sok \u00e9rtelm\u00e9t l\u00e1tom, hogy \u00edrjak. \u00c9s ti sem t\u00f6lt\u00f6ttetek fel k\u00e9peket, ahogy megbesz\u00e9lt\u00fck \u00edgy ez a terv kicsit halott dolog. Majd ha adtok okot, hogy \u00edrjak nektek akkor esetleg megfontolom.<\/p>\r\n<p>\u00c9s m\u00e9g valami. Am\u00edg mindenhova ki nem rakom, hogy bel\u00e9ptem a csoportba addig legyetek olyan aranyosak, hogy nem d\u0151lt\u00f6k be Marci baroms\u00e1g\u00e1nak, hogy az \u00e9n profilommal \u00edrk\u00e1lgat oda. Nem vagyok benne tov\u00e1bbra sem ami m\u00e9g mindig kurva szar \u00e9rz\u00e9s..A l\u00e9nyeg az, hogy nyugodtan \u00edrhattok az e-mail c\u00edmre vagy a blog oldal\u00e1ra vagy a Facebook oldalra amelyik a k\u00e9nyelmesebb.<\/p>\r\n<p><img class=\"\" src=\"http:\/\/www.zastavki.com\/pictures\/originals\/2013\/Nature___Seasons___Autumn_Woman_enjoying_autumn_046288_.jpg\" width=\"548\" height=\"308\" \/><\/p>\r\n<p>(www.zastavki.com\/pictures\/originals\/2013\/Nature___Seasons___Autumn_Woman_enjoying_autumn_046288_.jpg)<\/p>\r\n<p>Ez lettem volna m\u00e1ra, legyetek j\u00f3k \u00e9s sok sikert mindenkinek a munk\u00e1ban, iskol\u00e1ban!<\/p>\r\n<p style=\"text-align: center\"><em>E-mail:annieblogger@citromail.hu<\/em><\/p>\r\n<p style=\"text-align: center\"><em>Facebook:www.facebook.com\/Anniekulonoselete<\/em><\/p>\r\n<p>&nbsp;<\/p>","type":"rich"}